{"id":6796,"date":"2021-11-10T12:23:04","date_gmt":"2021-11-10T11:23:04","guid":{"rendered":"http:\/\/camping-kerisole.fr\/campen\/mit-zelt-oder-klappanhaenger\/"},"modified":"2024-11-27T11:52:56","modified_gmt":"2024-11-27T10:52:56","slug":"mit-zelt-oder-klappanhaenger","status":"publish","type":"page","link":"https:\/\/camping-kerisole.fr\/de\/mit-zelt-oder-klappanhaenger\/","title":{"rendered":"Mit Zelt"},"content":{"rendered":"<\/div><\/div><\/div><!-- close content main div --><\/div><\/div><div id='av-layout-grid-1' class='av-layout-grid-container entry-content-wrapper main_color av-flex-cells    container_wrap fullsize'   >\n<div class=\"flex_cell no_margin av_one_half   avia-full-stretch av-zero-padding \" style='height:500px; min-height:500px;background:url(https:\/\/camping-kerisole.fr\/wp-content\/uploads\/2018\/01\/scott-goodwill-359336-1500x1000.jpg) center center no-repeat scroll; vertical-align:middle; padding:0px; background-color:#22689e; '><div class='flex_cell_inner' ><\/div><\/div><div class=\"flex_cell no_margin av_one_half   \" style='height:500px; min-height:500px;vertical-align:top; padding:100px 80px 80px 80px ; background-color:#22689e; '><div class='flex_cell_inner' ><p><div style='padding-bottom:25px; color:#ffffff;font-size:34px;' class='av-special-heading av-special-heading-h3 custom-color-heading blockquote modern-quote   av-inherit-size '><div class ='av-subheading av-subheading_above av_custom_color ' style='font-size:15px;'><p>Erleben Sie die bretonische Umgebung<\/p>\n<\/div><h3 class='av-special-heading-tag '  itemprop=\"headline\"  >Zelten mit Zelt<\/h3><div class='special-heading-border'><div class='special-heading-inner-border' style='border-color:#ffffff'><\/div><\/div><\/div><br \/>\n<section class=\"av_textblock_section \"  itemscope=\"itemscope\" itemtype=\"https:\/\/schema.org\/CreativeWork\" ><div class='avia_textblock  av_inherit_color '  style='color:#ffffff; '  itemprop=\"text\" ><p>Zu Fu\u00df, mit dem Fahrrad, mit dem Fahrzeug und mit oder ohne Anh\u00e4nger, Wohnwagen? Alles ist m\u00f6glich, Telefone usw. k\u00f6nnen an der Snackbar oder in den Sanit\u00e4ranlagen aufgeladen werden, ohne das Strompaket zu abonnieren. Wenn Sie einen Stellplatz mit einem Fahrzeug buchen, ist der Strom automatisch in dieser Option enthalten. Keine Mehrberechnung. Lediglich Elektrofahrzeuge d\u00fcrfen nicht an einer der Stroms\u00e4ulen der Standorte geladen werden.<\/p>\n<p>Sie k\u00f6nnen Ihren Stellplatz jetzt auf unserer Website buchen. Wenn Sie dies vor Ihrer Ankunft nicht getan haben, k\u00f6nnen Sie es je nach Verf\u00fcgbarkeit ausw\u00e4hlen.<\/p>\n<p><a href=\"https:\/\/camping-kerisole.fr\/de\/reservation\/\"><strong>=&gt; Sie k\u00f6nnen den personalisierten Preis berechnen und jederzeit buchen, indem Sie hier klicken<\/strong><\/a><\/p>\n<\/div><\/section><\/p>\n<\/div><\/div>\n<\/div>\n<\/div><\/div><\/div><!-- close content main div --><\/div><\/div><div id='av_section_1' class='avia-section main_color avia-section-large avia-no-border-styling avia-bg-style-scroll   container_wrap fullsize' style = 'background-image: '  ><div class='container' ><div class='template-page content  av-content-full alpha units'><div class='post-entry post-entry-type-page post-entry-6796'><div class='entry-content-wrapper clearfix'>\n<div class='flex_column_table av-equal-height-column-flextable -flextable' style='margin-top:-180px; '><div class=\"flex_column av_one_fourth  no_margin flex_column_table_cell av-equal-height-column av-align-top av-zero-column-padding first  \" style='border-radius:0px; '><\/div><\/div><!--close column table wrapper. Autoclose: 1 --><div class='flex_column_table av-equal-height-column-flextable -flextable' style='margin-top:-180px; '><div class=\"flex_column av_one_half  av-animated-generic pop-up  no_margin flex_column_table_cell av-equal-height-column av-align-top   \" style='padding:40px; background-color:#379cd6; border-radius:10px; '><p><span class=\"av_font_icon avia_animate_when_visible  av-icon-style-  avia-icon-pos-center \" style=\"color:#ffffff; border-color:#ffffff;\"><span class='av-icon-char' style='font-size:40px;line-height:40px;' aria-hidden='true' data-av_icon='\ue91f' data-av_iconfont='entypo-fontello' ><\/span><\/span><br \/>\n<div style='height:20px' class='hr hr-invisible  '><span class='hr-inner ' ><span class='hr-inner-style'><\/span><\/span><\/div><br \/>\n<section class=\"av_textblock_section \"  itemscope=\"itemscope\" itemtype=\"https:\/\/schema.org\/CreativeWork\" ><div class='avia_textblock  av_inherit_color '  style='font-size:16px; color:#ffffff; '  itemprop=\"text\" ><h2 style=\"text-align: center;\">Mitten in der Natur!<\/h2>\n<p style=\"text-align: center;\">Die Stille und Ruhe rund um den Campingplatz ist wunderbar entspannend.<\/p>\n<\/div><\/section><br \/>\n<div style='height:20px' class='hr hr-invisible  '><span class='hr-inner ' ><span class='hr-inner-style'><\/span><\/span><\/div><br \/>\n<div class='avia-button-wrap avia-button-center '><a href='https:\/\/camping-kerisole.fr\/de\/reservation\/'  class='avia-button av-icon-on-hover  avia-icon_select-yes-right-icon avia-color-custom avia-size-large avia-position-center '  target=\"_blank\"  style='background-color:#ffffff; border-color:#ffffff; color:#000000; ' ><span class='avia_iconbox_title' >Jetzt reservieren<\/span><span class='avia_button_icon avia_button_icon_right' aria-hidden='true' data-av_icon='\ue889' data-av_iconfont='entypo-fontello'><\/span><\/a><\/div><\/p><\/div><\/div><!--close column table wrapper. Autoclose: 1 --><div class='flex_column_table av-equal-height-column-flextable -flextable' style='margin-top:-180px; '><div class=\"flex_column av_one_fourth  no_margin flex_column_table_cell av-equal-height-column av-align-top av-zero-column-padding   \" style='border-radius:0px; '><\/div><\/div><!--close column table wrapper. Autoclose: 1 --><div class=\"flex_column av_one_half  flex_column_div av-zero-column-padding first  \" style='border-radius:0px; '><p><div style='padding-bottom:30px; font-size:34px;' class='av-special-heading av-special-heading-h3  blockquote modern-quote   av-inherit-size '><h3 class='av-special-heading-tag '  itemprop=\"headline\"  >Dienstleistungen<\/h3><div class='special-heading-border'><div class='special-heading-inner-border' ><\/div><\/div><\/div><br \/>\n<section class=\"av_textblock_section \"  itemscope=\"itemscope\" itemtype=\"https:\/\/schema.org\/CreativeWork\" ><div class='avia_textblock  '   itemprop=\"text\" ><ul>\n<li>Ger\u00e4umige Lage<\/li>\n<li>Strom<\/li>\n<li>Trinkwasser<\/li>\n<li>Sanit\u00e4ranlagen (warme Duschen, warme und kalte Waschbecken und Waschbecken, WC)<\/li>\n<li>Gemeinsame Au\u00dfenk\u00fcche f\u00fcr Sommerwohnwagen<\/li>\n<li>BBQ vor Ort mit gro\u00dfen Picknicktischen<\/li>\n<li>Waschmaschine und Trockner<\/li>\n<li>Kostenloses WLAN<\/li>\n<li>Imbiss<\/li>\n<li>SPA und Sauna<\/li>\n<li>Hallenbad und Green Lane in der N\u00e4he<\/li>\n<li>Ger\u00e4umige Parkpl\u00e4tze vor Ort<\/li>\n<\/ul>\n<\/div><\/section><\/p><\/div><div class=\"flex_column av_one_half  flex_column_div av-zero-column-padding   \" style='border-radius:0px; '><p><div style='padding-bottom:30px; font-size:34px;' class='av-special-heading av-special-heading-h3  blockquote modern-quote   av-inherit-size '><h3 class='av-special-heading-tag '  itemprop=\"headline\"  >Preise<\/h3><div class='special-heading-border'><div class='special-heading-inner-border' ><\/div><\/div><\/div><br \/>\n<section class=\"av_textblock_section \"  itemscope=\"itemscope\" itemtype=\"https:\/\/schema.org\/CreativeWork\" ><div class='avia_textblock  '   itemprop=\"text\" ><p><strong><a href=\"https:\/\/camping-kerisole.fr\/de\/reservation\/\" target=\"_blank\" rel=\"noopener\">=&gt; Sie k\u00f6nnen den personalisierten Preis berechnen und jederzeit buchen, indem Sie hier klicken<\/a><\/strong><\/p>\n<p>Mit Zelt und\u00a0<strong>ohne<\/strong>\u00a0Fahrzeug:<\/p>\n<ul>\n<li>1 Stellplatz + 2 Personen ab 14 \u20ac\/Nacht<\/li>\n<\/ul>\n<p>+ Zus\u00e4tzliche Person: zzgl. 5 \u20ac\/Person\/Nacht<\/p>\n<p>+ Besucher: 5 \u20ac\/Person\/Tag<\/p>\n<p>+ Hund oder Katze: zzgl. 3 \u20ac\/Nacht<\/p>\n<p>+ Strom 6A: 5\u20ac\/Nacht<\/p>\n<p>+ Kurtaxe: 0,55\u20ac\/Erwachsener\/Nacht<\/p>\n<p><strong><u>Beispiel:<\/u><\/strong>\u00a0Ein Stellplatz mit 2 Personen kostet ab 15,10 \u20ac\/Nacht<\/p>\n<p>Die Sanit\u00e4ranlagen sind von Oktober bis einschlie\u00dflich M\u00e4rz geschlossen<\/p>\n<p><strong><a href=\"https:\/\/camping-kerisole.fr\/de\/reservation\/\" target=\"_blank\" rel=\"noopener\">=&gt; Sie k\u00f6nnen den personalisierten Preis berechnen und jederzeit buchen, indem Sie hier klicken<\/a><\/strong><\/p>\n<\/div><\/section><\/p><\/div><\/div><\/div><\/div><!-- close content main div --><\/div><\/div><div id='av-layout-grid-2' class='av-layout-grid-container entry-content-wrapper main_color av-flex-cells    container_wrap fullsize'   >\n<div class=\"flex_cell no_margin av_one_half   avia-full-stretch av-zero-padding \" style='height:100px; min-height:100px;vertical-align:middle; padding:0px; '><div class='flex_cell_inner' ><div  data-size='large'  data-lightbox_size='large'  data-animation='fade'  data-conditional_play=''  data-ids='2249,2247,2248,2250,2252,2278,2279'  data-video_counter='0'  data-autoplay='true'  data-bg_slider='false'  data-slide_height=''  data-handle='av_slideshow'  data-interval='5'  data-class=' '  data-css_id=''  data-scroll_down=''  data-control_layout='av-control-minimal'  data-custom_markup=''  data-perma_caption=''  data-autoplay_stopper=''  data-image_attachment=''  data-min_height='0px'  class='avia-slideshow avia-slideshow-1  av-control-minimal av-default-height-applied avia-slideshow-large av_slideshow   avia-fade-slider '  itemprop=\"ImageObject\" itemscope=\"itemscope\" itemtype=\"https:\/\/schema.org\/ImageObject\" ><ul class='avia-slideshow-inner ' style='padding-bottom: 66.699029126214%;' ><li  class=' slide-1 ' ><div data-rel='slideshow-1' class='avia-slide-wrap '   ><img src='https:\/\/camping-kerisole.fr\/wp-content\/uploads\/2018\/01\/IMG_5970-1-1030x687.jpg' width='1030' height='687' title='IMG_5970' alt=''  itemprop=\"thumbnailUrl\"   \/><\/div><\/li><li  class=' slide-2 ' ><div data-rel='slideshow-1' class='avia-slide-wrap '   ><img src='https:\/\/camping-kerisole.fr\/wp-content\/uploads\/2018\/01\/IMG_0837-1030x687.jpg' width='1030' height='687' title='IMG_0837' alt=''  itemprop=\"thumbnailUrl\"   \/><\/div><\/li><li  class=' slide-3 ' ><div data-rel='slideshow-1' class='avia-slide-wrap '   ><img src='https:\/\/camping-kerisole.fr\/wp-content\/uploads\/2018\/01\/IMG_1334-1030x687.jpg' width='1030' height='687' title='IMG_1334' alt=''  itemprop=\"thumbnailUrl\"   \/><\/div><\/li><li  class=' slide-4 ' ><div data-rel='slideshow-1' class='avia-slide-wrap '   ><img src='https:\/\/camping-kerisole.fr\/wp-content\/uploads\/2018\/01\/IMG_6303-1030x687.jpg' width='1030' height='687' title='IMG_6303' alt=''  itemprop=\"thumbnailUrl\"   \/><\/div><\/li><li  class=' slide-5 ' ><div data-rel='slideshow-1' class='avia-slide-wrap '   ><img src='https:\/\/camping-kerisole.fr\/wp-content\/uploads\/2018\/01\/P1040834-1030x688.jpg' width='1030' height='688' title='P1040834' alt=''  itemprop=\"thumbnailUrl\"   \/><\/div><\/li><li  class=' slide-6 ' ><div data-rel='slideshow-1' class='avia-slide-wrap '   ><img src='https:\/\/camping-kerisole.fr\/wp-content\/uploads\/2018\/01\/IMG_5518-1030x687.jpg' width='1030' height='687' title='IMG_5518' alt=''  itemprop=\"thumbnailUrl\"   \/><\/div><\/li><li  class=' slide-7 ' ><div data-rel='slideshow-1' class='avia-slide-wrap '   ><img src='https:\/\/camping-kerisole.fr\/wp-content\/uploads\/2018\/01\/IMG_5519-1030x687.jpg' width='1030' height='687' title='IMG_5519' alt=''  itemprop=\"thumbnailUrl\"   \/><\/div><\/li><\/ul><div class='avia-slideshow-arrows avia-slideshow-controls'><a href='#prev' class='prev-slide' aria-hidden='true' data-av_icon='\ue87c' data-av_iconfont='entypo-fontello'>Zur\u00fcck<\/a><a href='#next' class='next-slide' aria-hidden='true' data-av_icon='\ue87d' data-av_iconfont='entypo-fontello'>Weiter<\/a><\/div><div class='avia-slideshow-dots avia-slideshow-controls'><a href='#1' class='goto-slide active' >1<\/a><a href='#2' class='goto-slide ' >2<\/a><a href='#3' class='goto-slide ' >3<\/a><a href='#4' class='goto-slide ' >4<\/a><a href='#5' class='goto-slide ' >5<\/a><a href='#6' class='goto-slide ' >6<\/a><a href='#7' class='goto-slide ' >7<\/a><\/div><\/div>\n<\/div><\/div><div class=\"flex_cell no_margin av_one_half   \" style='height:100px; min-height:100px;vertical-align:middle; padding:15px 80px 15px 80px ; background-color:#22689e; '><div class='flex_cell_inner' ><div style='padding-bottom:0px; color:#ffffff;font-size:34px;' class='av-special-heading av-special-heading-h3 custom-color-heading blockquote modern-quote   av-inherit-size '><h3 class='av-special-heading-tag '  itemprop=\"headline\"  >Ger\u00e4umige und flache Pl\u00e4tze<\/h3><div class ='av-subheading av-subheading_below av_custom_color ' style='font-size:16px;'><p>F\u00fcr alle Zelte geeignet<\/p>\n<\/div><div class='special-heading-border'><div class='special-heading-inner-border' style='border-color:#ffffff'><\/div><\/div><\/div>\n<\/div><\/div>\n<\/div><\/p>\n<\/div><\/div><\/div><!-- close content main div --><\/div><\/div><div id='av-layout-grid-3' class='av-layout-grid-container entry-content-wrapper main_color av-flex-cells    container_wrap fullsize'   >\n<div class=\"flex_cell no_margin av_one_half   \" style='height:100px; min-height:100px;vertical-align:middle; padding:15px 80px 15px 80px ; '><div class='flex_cell_inner' ><div style='padding-bottom:0px; font-size:34px;' class='av-special-heading av-special-heading-h3  blockquote modern-quote   av-inherit-size '><h3 class='av-special-heading-tag '  itemprop=\"headline\"  >Mit Zelt und Fahrrad in den Urlaub<\/h3><div class ='av-subheading av-subheading_below  ' style='font-size:16px;'><p>Herrlicher Radweg in der Bretagne<\/p>\n<\/div><div class='special-heading-border'><div class='special-heading-inner-border' ><\/div><\/div><\/div>\n<\/div><\/div><div class=\"flex_cell no_margin av_one_half   avia-full-stretch av-zero-padding \" style='height:100px; min-height:100px;vertical-align:middle; padding:0px; '><div class='flex_cell_inner' ><div  data-size='large'  data-lightbox_size='large'  data-animation='fade'  data-conditional_play=''  data-ids='2246,2251,2280,2277'  data-video_counter='0'  data-autoplay='true'  data-bg_slider='false'  data-slide_height=''  data-handle='av_slideshow'  data-interval='6'  data-class=' '  data-css_id=''  data-scroll_down=''  data-control_layout='av-control-minimal'  data-custom_markup=''  data-perma_caption=''  data-autoplay_stopper=''  data-image_attachment=''  data-min_height='0px'  class='avia-slideshow avia-slideshow-2  av-control-minimal av-default-height-applied avia-slideshow-large av_slideshow   avia-fade-slider '  itemprop=\"ImageObject\" itemscope=\"itemscope\" itemtype=\"https:\/\/schema.org\/ImageObject\" ><ul class='avia-slideshow-inner ' style='padding-bottom: 66.699029126214%;' ><li  class=' slide-1 ' ><div data-rel='slideshow-2' class='avia-slide-wrap '   ><img src='https:\/\/camping-kerisole.fr\/wp-content\/uploads\/2018\/01\/IMG_0789-1030x687.jpg' width='1030' height='687' title='IMG_0789' alt=''  itemprop=\"thumbnailUrl\"   \/><\/div><\/li><li  class=' slide-2 ' ><div data-rel='slideshow-2' class='avia-slide-wrap '   ><img src='https:\/\/camping-kerisole.fr\/wp-content\/uploads\/2018\/01\/IMG_6464-1030x687.jpg' width='1030' height='687' title='IMG_6464' alt=''  itemprop=\"thumbnailUrl\"   \/><\/div><\/li><li  class=' slide-3 ' ><div data-rel='slideshow-2' class='avia-slide-wrap '   ><img src='https:\/\/camping-kerisole.fr\/wp-content\/uploads\/2018\/01\/P1000811-1030x687.jpg' width='1030' height='687' title='P1000811' alt=''  itemprop=\"thumbnailUrl\"   \/><\/div><\/li><li  class=' slide-4 ' ><div data-rel='slideshow-2' class='avia-slide-wrap '   ><img src='https:\/\/camping-kerisole.fr\/wp-content\/uploads\/2018\/01\/IMG_5516-1030x687.jpg' width='1030' height='687' title='IMG_5516' alt=''  itemprop=\"thumbnailUrl\"   \/><\/div><\/li><\/ul><div class='avia-slideshow-arrows avia-slideshow-controls'><a href='#prev' class='prev-slide' aria-hidden='true' data-av_icon='\ue87c' data-av_iconfont='entypo-fontello'>Zur\u00fcck<\/a><a href='#next' class='next-slide' aria-hidden='true' data-av_icon='\ue87d' data-av_iconfont='entypo-fontello'>Weiter<\/a><\/div><div class='avia-slideshow-dots avia-slideshow-controls'><a href='#1' class='goto-slide active' >1<\/a><a href='#2' class='goto-slide ' >2<\/a><a href='#3' class='goto-slide ' >3<\/a><a href='#4' class='goto-slide ' >4<\/a><\/div><\/div>\n<\/div><\/div>\n<\/div>\n<\/div><\/div><\/div><!-- close content main div --><\/div><\/div><div id='av_section_2' class='avia-section main_color avia-section-large avia-no-shadow avia-bg-style-scroll   av-minimum-height av-minimum-height-custom container_wrap fullsize' style = 'background-image: '  ><div class='container' style='height:300px'><div class='template-page content  av-content-full alpha units'><div class='post-entry post-entry-type-page post-entry-6796'><div class='entry-content-wrapper clearfix'>\n<div class=\"flex_column av_one_full  flex_column_div av-zero-column-padding first  \" style='border-radius:0px; '><p><div style='padding-bottom:25px; font-size:34px;' class='av-special-heading av-special-heading-h3  blockquote modern-quote modern-centered   av-inherit-size '><h3 class='av-special-heading-tag '  itemprop=\"headline\"  >Mehr Informationen?<\/h3><div class='special-heading-border'><div class='special-heading-inner-border' ><\/div><\/div><\/div><br \/>\n<section class=\"av_textblock_section \"  itemscope=\"itemscope\" itemtype=\"https:\/\/schema.org\/CreativeWork\" ><div class='avia_textblock  '   itemprop=\"text\" ><p style=\"text-align: center;\">Kontaktieren Sie uns, wenn Sie weitere Informationen w\u00fcnschen, eine Reservierung vornehmen m\u00f6chten oder spezielle W\u00fcnsche haben.<\/p>\n<\/div><\/section><br \/>\n<div style='height:20px' class='hr hr-invisible  '><span class='hr-inner ' ><span class='hr-inner-style'><\/span><\/span><\/div><br \/>\n<div class='avia-button-wrap avia-button-center '><a href='https:\/\/camping-kerisole.fr\/de\/contact\/'  class='avia-button av-icon-on-hover  avia-icon_select-yes-right-icon avia-color-theme-color avia-size-large avia-position-center '   ><span class='avia_iconbox_title' >Mehr Informationen<\/span><span class='avia_button_icon avia_button_icon_right' aria-hidden='true' data-av_icon='\ue889' data-av_iconfont='entypo-fontello'><\/span><\/a><\/div><\/p><\/div>\n\n","protected":false},"excerpt":{"rendered":"","protected":false},"author":6,"featured_media":10769,"parent":0,"menu_order":0,"comment_status":"closed","ping_status":"closed","template":"","meta":{"_exactmetrics_skip_tracking":false,"_exactmetrics_sitenote_active":false,"_exactmetrics_sitenote_note":"","_exactmetrics_sitenote_category":0,"footnotes":""},"class_list":["post-6796","page","type-page","status-publish","has-post-thumbnail","hentry"],"yoast_head":"<!-- This site is optimized with the Yoast SEO plugin v27.4 - https:\/\/yoast.com\/product\/yoast-seo-wordpress\/ -->\n<title>Mit Zelt - Camping Kerisole<\/title>\n<meta name=\"description\" content=\"Kommen Sie zu Fu\u00df, mit dem Fahrrad, mit einem Fahrzeug und mit oder ohne Anh\u00e4nger, Wohnwagen? Alles ist m\u00f6glich !\" \/>\n<meta name=\"robots\" content=\"index, follow, max-snippet:-1, max-image-preview:large, max-video-preview:-1\" \/>\n<link rel=\"canonical\" href=\"https:\/\/camping-kerisole.fr\/de\/mit-zelt-oder-klappanhaenger\/\" \/>\n<meta property=\"og:locale\" content=\"de_DE\" \/>\n<meta property=\"og:type\" content=\"article\" \/>\n<meta property=\"og:title\" content=\"Mit Zelt - Camping Kerisole\" \/>\n<meta property=\"og:description\" content=\"Kommen Sie zu Fu\u00df, mit dem Fahrrad, mit einem Fahrzeug und mit oder ohne Anh\u00e4nger, Wohnwagen? Alles ist m\u00f6glich !\" \/>\n<meta property=\"og:url\" content=\"https:\/\/camping-kerisole.fr\/de\/mit-zelt-oder-klappanhaenger\/\" \/>\n<meta property=\"og:site_name\" content=\"Camping Kerisole\" \/>\n<meta property=\"article:publisher\" content=\"http:\/\/www.facebook.com\/campingkerisole\" \/>\n<meta property=\"article:modified_time\" content=\"2024-11-27T10:52:56+00:00\" \/>\n<meta property=\"og:image\" content=\"https:\/\/camping-kerisole.fr\/wp-content\/uploads\/2023\/07\/PXL_20230530_112451714.jpg\" \/>\n\t<meta property=\"og:image:width\" content=\"1355\" \/>\n\t<meta property=\"og:image:height\" content=\"1020\" \/>\n\t<meta property=\"og:image:type\" content=\"image\/jpeg\" \/>\n<meta name=\"twitter:card\" content=\"summary_large_image\" \/>\n<meta name=\"twitter:label1\" content=\"Gesch\u00e4tzte Lesezeit\" \/>\n\t<meta name=\"twitter:data1\" content=\"13\u00a0Minuten\" \/>\n<script type=\"application\/ld+json\" class=\"yoast-schema-graph\">{\"@context\":\"https:\\\/\\\/schema.org\",\"@graph\":[{\"@type\":\"WebPage\",\"@id\":\"https:\\\/\\\/camping-kerisole.fr\\\/de\\\/mit-zelt-oder-klappanhaenger\\\/\",\"url\":\"https:\\\/\\\/camping-kerisole.fr\\\/de\\\/mit-zelt-oder-klappanhaenger\\\/\",\"name\":\"Mit Zelt - Camping Kerisole\",\"isPartOf\":{\"@id\":\"https:\\\/\\\/camping-kerisole.fr\\\/de\\\/#website\"},\"primaryImageOfPage\":{\"@id\":\"https:\\\/\\\/camping-kerisole.fr\\\/de\\\/mit-zelt-oder-klappanhaenger\\\/#primaryimage\"},\"image\":{\"@id\":\"https:\\\/\\\/camping-kerisole.fr\\\/de\\\/mit-zelt-oder-klappanhaenger\\\/#primaryimage\"},\"thumbnailUrl\":\"https:\\\/\\\/camping-kerisole.fr\\\/wp-content\\\/uploads\\\/2023\\\/07\\\/PXL_20230530_112451714.jpg\",\"datePublished\":\"2021-11-10T11:23:04+00:00\",\"dateModified\":\"2024-11-27T10:52:56+00:00\",\"description\":\"Kommen Sie zu Fu\u00df, mit dem Fahrrad, mit einem Fahrzeug und mit oder ohne Anh\u00e4nger, Wohnwagen? Alles ist m\u00f6glich !\",\"breadcrumb\":{\"@id\":\"https:\\\/\\\/camping-kerisole.fr\\\/de\\\/mit-zelt-oder-klappanhaenger\\\/#breadcrumb\"},\"inLanguage\":\"de\",\"potentialAction\":[{\"@type\":\"ReadAction\",\"target\":[\"https:\\\/\\\/camping-kerisole.fr\\\/de\\\/mit-zelt-oder-klappanhaenger\\\/\"]}]},{\"@type\":\"ImageObject\",\"inLanguage\":\"de\",\"@id\":\"https:\\\/\\\/camping-kerisole.fr\\\/de\\\/mit-zelt-oder-klappanhaenger\\\/#primaryimage\",\"url\":\"https:\\\/\\\/camping-kerisole.fr\\\/wp-content\\\/uploads\\\/2023\\\/07\\\/PXL_20230530_112451714.jpg\",\"contentUrl\":\"https:\\\/\\\/camping-kerisole.fr\\\/wp-content\\\/uploads\\\/2023\\\/07\\\/PXL_20230530_112451714.jpg\",\"width\":1355,\"height\":1020},{\"@type\":\"BreadcrumbList\",\"@id\":\"https:\\\/\\\/camping-kerisole.fr\\\/de\\\/mit-zelt-oder-klappanhaenger\\\/#breadcrumb\",\"itemListElement\":[{\"@type\":\"ListItem\",\"position\":1,\"name\":\"Accueil\",\"item\":\"https:\\\/\\\/camping-kerisole.fr\\\/de\\\/startseite\\\/\"},{\"@type\":\"ListItem\",\"position\":2,\"name\":\"Mit Zelt\"}]},{\"@type\":\"WebSite\",\"@id\":\"https:\\\/\\\/camping-kerisole.fr\\\/de\\\/#website\",\"url\":\"https:\\\/\\\/camping-kerisole.fr\\\/de\\\/\",\"name\":\"Camping Kerisole\",\"description\":\"Un camping unique en Bretagne !\",\"publisher\":{\"@id\":\"https:\\\/\\\/camping-kerisole.fr\\\/de\\\/#organization\"},\"potentialAction\":[{\"@type\":\"SearchAction\",\"target\":{\"@type\":\"EntryPoint\",\"urlTemplate\":\"https:\\\/\\\/camping-kerisole.fr\\\/de\\\/?s={search_term_string}\"},\"query-input\":{\"@type\":\"PropertyValueSpecification\",\"valueRequired\":true,\"valueName\":\"search_term_string\"}}],\"inLanguage\":\"de\"},{\"@type\":\"Organization\",\"@id\":\"https:\\\/\\\/camping-kerisole.fr\\\/de\\\/#organization\",\"name\":\"Camping Kerisole***\",\"url\":\"https:\\\/\\\/camping-kerisole.fr\\\/de\\\/\",\"logo\":{\"@type\":\"ImageObject\",\"inLanguage\":\"de\",\"@id\":\"https:\\\/\\\/camping-kerisole.fr\\\/de\\\/#\\\/schema\\\/logo\\\/image\\\/\",\"url\":\"https:\\\/\\\/camping-kerisole.fr\\\/wp-content\\\/uploads\\\/2022\\\/05\\\/logo-Camping-Kerisole-rectangulaire.png\",\"contentUrl\":\"https:\\\/\\\/camping-kerisole.fr\\\/wp-content\\\/uploads\\\/2022\\\/05\\\/logo-Camping-Kerisole-rectangulaire.png\",\"width\":1148,\"height\":766,\"caption\":\"Camping Kerisole***\"},\"image\":{\"@id\":\"https:\\\/\\\/camping-kerisole.fr\\\/de\\\/#\\\/schema\\\/logo\\\/image\\\/\"},\"sameAs\":[\"http:\\\/\\\/www.facebook.com\\\/campingkerisole\"]}]}<\/script>\n<!-- \/ Yoast SEO plugin. -->","yoast_head_json":{"title":"Mit Zelt - Camping Kerisole","description":"Kommen Sie zu Fu\u00df, mit dem Fahrrad, mit einem Fahrzeug und mit oder ohne Anh\u00e4nger, Wohnwagen? Alles ist m\u00f6glich !","robots":{"index":"index","follow":"follow","max-snippet":"max-snippet:-1","max-image-preview":"max-image-preview:large","max-video-preview":"max-video-preview:-1"},"canonical":"https:\/\/camping-kerisole.fr\/de\/mit-zelt-oder-klappanhaenger\/","og_locale":"de_DE","og_type":"article","og_title":"Mit Zelt - Camping Kerisole","og_description":"Kommen Sie zu Fu\u00df, mit dem Fahrrad, mit einem Fahrzeug und mit oder ohne Anh\u00e4nger, Wohnwagen? Alles ist m\u00f6glich !","og_url":"https:\/\/camping-kerisole.fr\/de\/mit-zelt-oder-klappanhaenger\/","og_site_name":"Camping Kerisole","article_publisher":"http:\/\/www.facebook.com\/campingkerisole","article_modified_time":"2024-11-27T10:52:56+00:00","og_image":[{"width":1355,"height":1020,"url":"https:\/\/camping-kerisole.fr\/wp-content\/uploads\/2023\/07\/PXL_20230530_112451714.jpg","type":"image\/jpeg"}],"twitter_card":"summary_large_image","twitter_misc":{"Gesch\u00e4tzte Lesezeit":"13\u00a0Minuten"},"schema":{"@context":"https:\/\/schema.org","@graph":[{"@type":"WebPage","@id":"https:\/\/camping-kerisole.fr\/de\/mit-zelt-oder-klappanhaenger\/","url":"https:\/\/camping-kerisole.fr\/de\/mit-zelt-oder-klappanhaenger\/","name":"Mit Zelt - Camping Kerisole","isPartOf":{"@id":"https:\/\/camping-kerisole.fr\/de\/#website"},"primaryImageOfPage":{"@id":"https:\/\/camping-kerisole.fr\/de\/mit-zelt-oder-klappanhaenger\/#primaryimage"},"image":{"@id":"https:\/\/camping-kerisole.fr\/de\/mit-zelt-oder-klappanhaenger\/#primaryimage"},"thumbnailUrl":"https:\/\/camping-kerisole.fr\/wp-content\/uploads\/2023\/07\/PXL_20230530_112451714.jpg","datePublished":"2021-11-10T11:23:04+00:00","dateModified":"2024-11-27T10:52:56+00:00","description":"Kommen Sie zu Fu\u00df, mit dem Fahrrad, mit einem Fahrzeug und mit oder ohne Anh\u00e4nger, Wohnwagen? Alles ist m\u00f6glich !","breadcrumb":{"@id":"https:\/\/camping-kerisole.fr\/de\/mit-zelt-oder-klappanhaenger\/#breadcrumb"},"inLanguage":"de","potentialAction":[{"@type":"ReadAction","target":["https:\/\/camping-kerisole.fr\/de\/mit-zelt-oder-klappanhaenger\/"]}]},{"@type":"ImageObject","inLanguage":"de","@id":"https:\/\/camping-kerisole.fr\/de\/mit-zelt-oder-klappanhaenger\/#primaryimage","url":"https:\/\/camping-kerisole.fr\/wp-content\/uploads\/2023\/07\/PXL_20230530_112451714.jpg","contentUrl":"https:\/\/camping-kerisole.fr\/wp-content\/uploads\/2023\/07\/PXL_20230530_112451714.jpg","width":1355,"height":1020},{"@type":"BreadcrumbList","@id":"https:\/\/camping-kerisole.fr\/de\/mit-zelt-oder-klappanhaenger\/#breadcrumb","itemListElement":[{"@type":"ListItem","position":1,"name":"Accueil","item":"https:\/\/camping-kerisole.fr\/de\/startseite\/"},{"@type":"ListItem","position":2,"name":"Mit Zelt"}]},{"@type":"WebSite","@id":"https:\/\/camping-kerisole.fr\/de\/#website","url":"https:\/\/camping-kerisole.fr\/de\/","name":"Camping Kerisole","description":"Un camping unique en Bretagne !","publisher":{"@id":"https:\/\/camping-kerisole.fr\/de\/#organization"},"potentialAction":[{"@type":"SearchAction","target":{"@type":"EntryPoint","urlTemplate":"https:\/\/camping-kerisole.fr\/de\/?s={search_term_string}"},"query-input":{"@type":"PropertyValueSpecification","valueRequired":true,"valueName":"search_term_string"}}],"inLanguage":"de"},{"@type":"Organization","@id":"https:\/\/camping-kerisole.fr\/de\/#organization","name":"Camping Kerisole***","url":"https:\/\/camping-kerisole.fr\/de\/","logo":{"@type":"ImageObject","inLanguage":"de","@id":"https:\/\/camping-kerisole.fr\/de\/#\/schema\/logo\/image\/","url":"https:\/\/camping-kerisole.fr\/wp-content\/uploads\/2022\/05\/logo-Camping-Kerisole-rectangulaire.png","contentUrl":"https:\/\/camping-kerisole.fr\/wp-content\/uploads\/2022\/05\/logo-Camping-Kerisole-rectangulaire.png","width":1148,"height":766,"caption":"Camping Kerisole***"},"image":{"@id":"https:\/\/camping-kerisole.fr\/de\/#\/schema\/logo\/image\/"},"sameAs":["http:\/\/www.facebook.com\/campingkerisole"]}]}},"_links":{"self":[{"href":"https:\/\/camping-kerisole.fr\/de\/wp-json\/wp\/v2\/pages\/6796","targetHints":{"allow":["GET"]}}],"collection":[{"href":"https:\/\/camping-kerisole.fr\/de\/wp-json\/wp\/v2\/pages"}],"about":[{"href":"https:\/\/camping-kerisole.fr\/de\/wp-json\/wp\/v2\/types\/page"}],"author":[{"embeddable":true,"href":"https:\/\/camping-kerisole.fr\/de\/wp-json\/wp\/v2\/users\/6"}],"replies":[{"embeddable":true,"href":"https:\/\/camping-kerisole.fr\/de\/wp-json\/wp\/v2\/comments?post=6796"}],"version-history":[{"count":8,"href":"https:\/\/camping-kerisole.fr\/de\/wp-json\/wp\/v2\/pages\/6796\/revisions"}],"predecessor-version":[{"id":11634,"href":"https:\/\/camping-kerisole.fr\/de\/wp-json\/wp\/v2\/pages\/6796\/revisions\/11634"}],"wp:featuredmedia":[{"embeddable":true,"href":"https:\/\/camping-kerisole.fr\/de\/wp-json\/wp\/v2\/media\/10769"}],"wp:attachment":[{"href":"https:\/\/camping-kerisole.fr\/de\/wp-json\/wp\/v2\/media?parent=6796"}],"curies":[{"name":"wp","href":"https:\/\/api.w.org\/{rel}","templated":true}]}}