{"id":6773,"date":"2021-11-09T18:55:22","date_gmt":"2021-11-09T17:55:22","guid":{"rendered":"http:\/\/camping-kerisole.fr\/veranstaltungen\/"},"modified":"2023-06-30T18:05:41","modified_gmt":"2023-06-30T17:05:41","slug":"veranstaltungen","status":"publish","type":"page","link":"https:\/\/camping-kerisole.fr\/de\/veranstaltungen\/","title":{"rendered":"Veranstaltungen"},"content":{"rendered":"<div style='height:30px' class='hr hr-invisible  '><span class='hr-inner ' ><span class='hr-inner-style'><\/span><\/span><\/div>\n<\/div><\/div><\/div><!-- close content main div --><\/div><\/div><div id='av_section_1' class='avia-section main_color avia-section-large avia-no-border-styling avia-bg-style-scroll   container_wrap fullsize' style = 'background-image: '  ><div class='container' ><div class='template-page content  av-content-full alpha units'><div class='post-entry post-entry-type-page post-entry-6773'><div class='entry-content-wrapper clearfix'>\n<div class='flex_column_table av-equal-height-column-flextable -flextable' style='margin-top:-180px; '><div class=\"flex_column av_one_fourth  no_margin flex_column_table_cell av-equal-height-column av-align-top av-zero-column-padding first  \" style='border-radius:0px; '><\/div><\/div><!--close column table wrapper. Autoclose: 1 --><div class='flex_column_table av-equal-height-column-flextable -flextable' style='margin-top:-180px; '><div class=\"flex_column av_one_half  av-animated-generic pop-up  no_margin flex_column_table_cell av-equal-height-column av-align-top   \" style='padding:40px; background-color:#379cd6; border-radius:10px; '><p><span class=\"av_font_icon avia_animate_when_visible  av-icon-style-  avia-icon-pos-center \" style=\"color:#ffffff; border-color:#ffffff;\"><span class='av-icon-char' style='font-size:40px;line-height:40px;' aria-hidden='true' data-av_icon='\ue82b' data-av_iconfont='entypo-fontello' ><\/span><\/span><br \/>\n<div style='height:20px' class='hr hr-invisible  '><span class='hr-inner ' ><span class='hr-inner-style'><\/span><\/span><\/div><br \/>\n<section class=\"av_textblock_section \"  itemscope=\"itemscope\" itemtype=\"https:\/\/schema.org\/CreativeWork\" ><div class='avia_textblock  av_inherit_color '  style='font-size:16px; color:#ffffff; '  itemprop=\"text\" ><h2 style=\"text-align: center;\">F\u00fcr jedermann!<\/h2>\n<p style=\"text-align: center;\">In der N\u00e4he des Campingplatzes Kerisole finden viele sportliche und kulturelle Veranstaltungen statt<\/p>\n<\/div><\/section><br \/>\n<div style='height:20px' class='hr hr-invisible  '><span class='hr-inner ' ><span class='hr-inner-style'><\/span><\/span><\/div><br \/>\n<div class='avia-button-wrap avia-button-center '><a href='https:\/\/camping-kerisole.fr\/de\/reservation\/'  class='avia-button av-icon-on-hover  avia-icon_select-yes-right-icon avia-color-custom avia-size-large avia-position-center '  target=\"_blank\"  style='background-color:#ffffff; border-color:#ffffff; color:#000000; ' ><span class='avia_iconbox_title' >Mehr Informationen<\/span><span class='avia_button_icon avia_button_icon_right' aria-hidden='true' data-av_icon='\ue889' data-av_iconfont='entypo-fontello'><\/span><\/a><\/div><\/p><\/div><\/div><!--close column table wrapper. Autoclose: 1 --><div class='flex_column_table av-equal-height-column-flextable -flextable' style='margin-top:-180px; '><div class=\"flex_column av_one_fourth  no_margin flex_column_table_cell av-equal-height-column av-align-top av-zero-column-padding   \" style='border-radius:0px; '><\/div><\/div><!--close column table wrapper. Autoclose: 1 -->\n\n<\/div><\/div><\/div><!-- close content main div --><\/div><\/div><div id='av-layout-grid-1' class='av-layout-grid-container entry-content-wrapper main_color av-flex-cells    container_wrap fullsize'   >\n<div class=\"flex_cell no_margin av_one_half   \" style='height:100px; min-height:100px;background: #22689e; vertical-align:middle; padding:15px 80px 15px 80px ; background-color:#22689e; '><div class='flex_cell_inner' ><div class=\"flex_column av_one_full  flex_column_div av-zero-column-padding first  \" style='border-radius:0px; '><p><div style='padding-bottom:0px; color:#ffffff;font-size:34px;' class='av-special-heading av-special-heading-h3 custom-color-heading blockquote modern-quote   av-inherit-size '><h3 class='av-special-heading-tag '  itemprop=\"headline\"  >Sportveranstaltungen<\/h3><div class='special-heading-border'><div class='special-heading-inner-border' style='border-color:#ffffff'><\/div><\/div><\/div><br \/>\n<section class=\"av_textblock_section \"  itemscope=\"itemscope\" itemtype=\"https:\/\/schema.org\/CreativeWork\" ><div class='avia_textblock  av_inherit_color '  style='color:#ffffff; '  itemprop=\"text\" ><p style=\"text-align: justify;\">Rennen, Fahrrad, MTB, Trail, Motorrad<\/p>\n<p style=\"text-align: justify;\">Der Greenway Nr. 7 verl\u00e4uft nur 100 m vom Eingang des Camping Kerisole*** entfernt, Sie \u00fcberqueren den Parkplatz und los geht&#8217;s!<\/p>\n<p style=\"text-align: justify;\">Sie k\u00f6nnen Concarneau im S\u00fcden und Roscoff im Norden leicht erreichen, aber Sie k\u00f6nnen auch den 30 km entfernten Voie Verte Canal Nantes Brest auf der Voie Verte (Hafen von Carhaix) erreichen und so ganz Frankreich durchqueren!<\/p>\n<p style=\"text-align: justify;\"><a href=\"https:\/\/www.francevelotourisme.com\/itineraire\" target=\"_blank\" rel=\"noopener\">Entdecken Sie die Karte von Greenways auf France V\u00e9lo Tourisme<\/a><\/p>\n<\/div><\/section><\/p><\/div>\n<\/div><\/div><div class=\"flex_cell no_margin av_one_half   avia-full-stretch av-zero-padding \" style='height:100px; min-height:100px;vertical-align:middle; padding:0px; '><div class='flex_cell_inner' ><div  data-size='extra_large'  data-lightbox_size='large'  data-animation='fade'  data-conditional_play=''  data-ids='2480,9700,2479,9696,2478'  data-video_counter='0'  data-autoplay='true'  data-bg_slider='false'  data-slide_height=''  data-handle='av_slideshow'  data-interval='5'  data-class=' '  data-css_id=''  data-scroll_down=''  data-control_layout='av-control-minimal'  data-custom_markup=''  data-perma_caption=''  data-autoplay_stopper=''  data-image_attachment=''  data-min_height='0px'  data-default-height='100'  class='avia-slideshow avia-slideshow-1  av-control-minimal av-default-height-applied avia-slideshow-extra_large av_slideshow   avia-fade-slider '  itemprop=\"ImageObject\" itemscope=\"itemscope\" itemtype=\"https:\/\/schema.org\/ImageObject\" ><ul class='avia-slideshow-inner ' style='padding-bottom: 66.733333333333%;' ><li  class=' slide-1 ' ><div data-rel='slideshow-1' class='avia-slide-wrap '   ><img src='https:\/\/camping-kerisole.fr\/wp-content\/uploads\/2018\/01\/QNTX0605-1500x1001.jpg' width='1500' height='1001' title='QNTX0605' alt=''  itemprop=\"thumbnailUrl\"   \/><\/div><\/li><li  class=' slide-2 ' ><div data-rel='slideshow-1' class='avia-slide-wrap '   ><img src='https:\/\/camping-kerisole.fr\/wp-content\/uploads\/2023\/01\/Scaer-Moto-Verte-.png' width='500' height='261' title='Sca\u00ebr Moto Verte' alt=''  itemprop=\"thumbnailUrl\"   \/><\/div><\/li><li  class=' slide-3 ' ><div data-rel='slideshow-1' class='avia-slide-wrap '   ><img src='https:\/\/camping-kerisole.fr\/wp-content\/uploads\/2018\/01\/IMG_5250-1500x1000.jpg' width='1500' height='1000' title='IMG_5250' alt=''  itemprop=\"thumbnailUrl\"   \/><\/div><\/li><li  class=' slide-4 ' ><div data-rel='slideshow-1' class='avia-slide-wrap '   ><img src='https:\/\/camping-kerisole.fr\/wp-content\/uploads\/2023\/01\/Course-de-velos.jpg' width='700' height='394' title='Course de v\u00e9los' alt=''  itemprop=\"thumbnailUrl\"   \/><\/div><\/li><li  class=' slide-5 ' ><div data-rel='slideshow-1' class='avia-slide-wrap '   ><img src='https:\/\/camping-kerisole.fr\/wp-content\/uploads\/2018\/01\/IMG_5207-1500x1000.jpg' width='1500' height='1000' title='IMG_5207' alt=''  itemprop=\"thumbnailUrl\"   \/><\/div><\/li><\/ul><div class='avia-slideshow-arrows avia-slideshow-controls'><a href='#prev' class='prev-slide' aria-hidden='true' data-av_icon='\ue87c' data-av_iconfont='entypo-fontello'>Zur\u00fcck<\/a><a href='#next' class='next-slide' aria-hidden='true' data-av_icon='\ue87d' data-av_iconfont='entypo-fontello'>Weiter<\/a><\/div><div class='avia-slideshow-dots avia-slideshow-controls'><a href='#1' class='goto-slide active' >1<\/a><a href='#2' class='goto-slide ' >2<\/a><a href='#3' class='goto-slide ' >3<\/a><a href='#4' class='goto-slide ' >4<\/a><a href='#5' class='goto-slide ' >5<\/a><\/div><\/div>\n<\/div><\/div>\n<\/div>\n<\/div><\/div><\/div><!-- close content main div --><\/div><\/div><div id='av-layout-grid-2' class='av-layout-grid-container entry-content-wrapper main_color av-flex-cells    container_wrap fullsize'   >\n<div class=\"flex_cell no_margin av_one_half   avia-full-stretch av-zero-padding \" style='height:100px; min-height:100px;vertical-align:middle; padding:0px; '><div class='flex_cell_inner' ><div  data-size='extra_large'  data-lightbox_size='large'  data-animation='fade'  data-conditional_play=''  data-ids='8235,8231,8239,9459,9183,9171,9175,9135,9107,8964,8988,8710,8714,8695,8652,8648,8644'  data-video_counter='0'  data-autoplay='true'  data-bg_slider='false'  data-slide_height=''  data-handle='av_slideshow'  data-interval='2'  data-class=' '  data-css_id=''  data-scroll_down=''  data-control_layout='av-control-default'  data-custom_markup=''  data-perma_caption=''  data-autoplay_stopper=''  data-image_attachment=''  data-min_height='0px'  data-default-height='100'  class='avia-slideshow avia-slideshow-2  av-control-default av-default-height-applied avia-slideshow-extra_large av_slideshow   avia-fade-slider '  itemprop=\"ImageObject\" itemscope=\"itemscope\" itemtype=\"https:\/\/schema.org\/ImageObject\" ><ul class='avia-slideshow-inner ' style='padding-bottom: 75%;' ><li  class=' slide-1 ' ><div data-rel='slideshow-2' class='avia-slide-wrap '   ><img src='https:\/\/camping-kerisole.fr\/wp-content\/uploads\/2022\/04\/IMG_20220331_174813-1500x1125.jpg' width='1500' height='1125' title='IMG_20220331_174813' alt=''  itemprop=\"thumbnailUrl\"   \/><\/div><\/li><li  class=' slide-2 ' ><div data-rel='slideshow-2' class='avia-slide-wrap '   ><img src='https:\/\/camping-kerisole.fr\/wp-content\/uploads\/2022\/04\/IMG_20220327_122224-1500x1125.jpg' width='1500' height='1125' title='IMG_20220327_122224' alt=''  itemprop=\"thumbnailUrl\"   \/><\/div><\/li><li  class=' slide-3 ' ><div data-rel='slideshow-2' class='avia-slide-wrap '   ><img src='https:\/\/camping-kerisole.fr\/wp-content\/uploads\/2022\/04\/IMG_20220331_174755-1500x1125.jpg' width='1500' height='1125' title='IMG_20220331_174755' alt=''  itemprop=\"thumbnailUrl\"   \/><\/div><\/li><li  class=' slide-4 ' ><div data-rel='slideshow-2' class='avia-slide-wrap '   ><img src='https:\/\/camping-kerisole.fr\/wp-content\/uploads\/2022\/06\/Piscine-Scaer.jpg' width='843' height='515' title='Schwimmbad Sca\u00ebr' alt=''  itemprop=\"thumbnailUrl\"   \/><\/div><\/li><li  class=' slide-5 ' ><div data-rel='slideshow-2' class='avia-slide-wrap '   ><img src='https:\/\/camping-kerisole.fr\/wp-content\/uploads\/2022\/05\/IMG_20220419_142701-Copier-2-1500x1125.jpg' width='1500' height='1125' title='IMG_20220419_142701 (Copier)' alt=''  itemprop=\"thumbnailUrl\"   \/><\/div><\/li><li  class=' slide-6 ' ><div data-rel='slideshow-2' class='avia-slide-wrap '   ><img src='https:\/\/camping-kerisole.fr\/wp-content\/uploads\/2022\/05\/IMG_20220331_144303-Copier-1-1500x1125.jpg' width='1500' height='1125' title='IMG_20220331_144303 (Copier)' alt=''  itemprop=\"thumbnailUrl\"   \/><\/div><\/li><li  class=' slide-7 ' ><div data-rel='slideshow-2' class='avia-slide-wrap '   ><img src='https:\/\/camping-kerisole.fr\/wp-content\/uploads\/2022\/05\/IMG_20220331_144458-Copier-1-1500x1125.jpg' width='1500' height='1125' title='IMG_20220331_144458 (Copier)' alt=''  itemprop=\"thumbnailUrl\"   \/><\/div><\/li><li  class=' slide-8 ' ><div data-rel='slideshow-2' class='avia-slide-wrap '   ><img src='https:\/\/camping-kerisole.fr\/wp-content\/uploads\/2022\/05\/IMG_20220418_181946-Copier-2-1500x1125.jpg' width='1500' height='1125' title='IMG_20220418_181946 (Copier)' alt=''  itemprop=\"thumbnailUrl\"   \/><\/div><\/li><li  class=' slide-9 ' ><div data-rel='slideshow-2' class='avia-slide-wrap '   ><img src='https:\/\/camping-kerisole.fr\/wp-content\/uploads\/2022\/05\/kerisole-42-van-125-1500x1000-1.jpg' width='1500' height='1000' title='kerisole-42-van-125-1500x1000' alt=''  itemprop=\"thumbnailUrl\"   \/><\/div><\/li><li  class=' slide-10 ' ><div data-rel='slideshow-2' class='avia-slide-wrap '   ><img src='https:\/\/camping-kerisole.fr\/wp-content\/uploads\/2022\/05\/IMG_20220415_190100-Copier-1500x1125.jpg' width='1500' height='1125' title='IMG_20220415_190100 (Copier)' alt=''  itemprop=\"thumbnailUrl\"   \/><\/div><\/li><li  class=' slide-11 ' ><div data-rel='slideshow-2' class='avia-slide-wrap '   ><img src='https:\/\/camping-kerisole.fr\/wp-content\/uploads\/2022\/05\/IMG_20220327_100122-1500x1125.jpg' width='1500' height='1125' title='IMG_20220327_100122' alt=''  itemprop=\"thumbnailUrl\"   \/><\/div><\/li><li  class=' slide-12 ' ><div data-rel='slideshow-2' class='avia-slide-wrap '   ><img src='https:\/\/camping-kerisole.fr\/wp-content\/uploads\/2022\/05\/280106417_1184231735722844_60471447723685227_n.jpg' width='275' height='206' title='280106417_1184231735722844_60471447723685227_n' alt=''  itemprop=\"thumbnailUrl\"   \/><\/div><\/li><li  class=' slide-13 ' ><div data-rel='slideshow-2' class='avia-slide-wrap '   ><img src='https:\/\/camping-kerisole.fr\/wp-content\/uploads\/2022\/05\/280130232_723551088999735_3816109876719561647_n.jpg' width='275' height='206' title='280130232_723551088999735_3816109876719561647_n' alt=''  itemprop=\"thumbnailUrl\"   \/><\/div><\/li><li  class=' slide-14 ' ><div data-rel='slideshow-2' class='avia-slide-wrap '   ><img src='https:\/\/camping-kerisole.fr\/wp-content\/uploads\/2022\/05\/Snack.jpg' width='1468' height='785' title='Snack' alt=''  itemprop=\"thumbnailUrl\"   \/><\/div><\/li><li  class=' slide-15 ' ><div data-rel='slideshow-2' class='avia-slide-wrap '   ><img src='https:\/\/camping-kerisole.fr\/wp-content\/uploads\/2022\/05\/279908163_1380063095752633_1272124064444951080_n.jpg' width='275' height='206' title='279908163_1380063095752633_1272124064444951080_n' alt=''  itemprop=\"thumbnailUrl\"   \/><\/div><\/li><li  class=' slide-16 ' ><div data-rel='slideshow-2' class='avia-slide-wrap '   ><img src='https:\/\/camping-kerisole.fr\/wp-content\/uploads\/2022\/05\/279793653_557024732811114_103803780659520708_n.jpg' width='275' height='206' title='279793653_557024732811114_103803780659520708_n' alt=''  itemprop=\"thumbnailUrl\"   \/><\/div><\/li><li  class=' slide-17 ' ><div data-rel='slideshow-2' class='avia-slide-wrap '   ><img src='https:\/\/camping-kerisole.fr\/wp-content\/uploads\/2022\/05\/279731822_2470751636388753_885468428272117629_n.jpg' width='275' height='206' title='279731822_2470751636388753_885468428272117629_n' alt=''  itemprop=\"thumbnailUrl\"   \/><\/div><\/li><\/ul><div class='avia-slideshow-arrows avia-slideshow-controls'><a href='#prev' class='prev-slide' aria-hidden='true' data-av_icon='\ue87c' data-av_iconfont='entypo-fontello'>Zur\u00fcck<\/a><a href='#next' class='next-slide' aria-hidden='true' data-av_icon='\ue87d' data-av_iconfont='entypo-fontello'>Weiter<\/a><\/div><div class='avia-slideshow-dots avia-slideshow-controls'><a href='#1' class='goto-slide active' >1<\/a><a href='#2' class='goto-slide ' >2<\/a><a href='#3' class='goto-slide ' >3<\/a><a href='#4' class='goto-slide ' >4<\/a><a href='#5' class='goto-slide ' >5<\/a><a href='#6' class='goto-slide ' >6<\/a><a href='#7' class='goto-slide ' >7<\/a><a href='#8' class='goto-slide ' >8<\/a><a href='#9' class='goto-slide ' >9<\/a><a href='#10' class='goto-slide ' >10<\/a><a href='#11' class='goto-slide ' >11<\/a><a href='#12' class='goto-slide ' >12<\/a><a href='#13' class='goto-slide ' >13<\/a><a href='#14' class='goto-slide ' >14<\/a><a href='#15' class='goto-slide ' >15<\/a><a href='#16' class='goto-slide ' >16<\/a><a href='#17' class='goto-slide ' >17<\/a><\/div><\/div>\n<\/div><\/div><div class=\"flex_cell no_margin av_one_half   \" style='height:100px; min-height:100px;background: #22689e; vertical-align:middle; padding:15px 80px 15px 80px ; background-color:#22689e; '><div class='flex_cell_inner' ><div class=\"flex_column av_one_full  flex_column_div av-zero-column-padding first  \" style='border-radius:0px; '><p><div style='padding-bottom:0px; color:#ffffff;font-size:34px;' class='av-special-heading av-special-heading-h3 custom-color-heading blockquote modern-quote   av-inherit-size '><h3 class='av-special-heading-tag '  itemprop=\"headline\"  >Der ideale Ort<\/h3><div class ='av-subheading av-subheading_below av_custom_color ' style='font-size:16px;'><p>viele Miet- oder Einzelstellpl\u00e4tze<\/p>\n<\/div><div class='special-heading-border'><div class='special-heading-inner-border' style='border-color:#ffffff'><\/div><\/div><\/div><br \/>\n<section class=\"av_textblock_section \"  itemscope=\"itemscope\" itemtype=\"https:\/\/schema.org\/CreativeWork\" ><div class='avia_textblock  av_inherit_color '  style='color:#ffffff; '  itemprop=\"text\" ><p style=\"text-align: justify;\">Der Campingplatz hat eine gro\u00dfe Fl\u00e4che, liegt im Herzen von 15 ha Gr\u00fcn und nur 500 m vom Zentrum von Sca\u00ebr entfernt.<\/p>\n<p style=\"text-align: justify;\">Ein strategischer Punkt: wenige Kilometer vom gro\u00dfen Tourismus, nur 30 km von den Str\u00e4nden, Concarneau, Pont Aven, 40 km von Lorient und Quimper und ihren Flugh\u00e4fen, 10 km vom Bahnhof Rosporden, eine Stunde von Brest entfernt.<\/p>\n<p style=\"text-align: justify;\">Es ist auch ein ausgezeichneter Ort, um die Unterbringung vieler Menschen zu organisieren, die kommen, um an der ber\u00fchmten Kavalkade \/ der Tour durch die Bretagne \/ verschiedenen kulturellen oder sportlichen Veranstaltungen \/ usw. teilzunehmen oder sie zu sehen.<\/p>\n<p><a href=\"https:\/\/camping-kerisole.fr\/de\/reservation\/\" target=\"_blank\" rel=\"noopener\">Sie k\u00f6nnen jederzeit buchen, indem Sie <strong>hier<\/strong> klicken <\/a><\/p>\n<\/div><\/section><\/p><\/div>\n<\/div><\/div>\n<\/div>\n<\/div><\/div><\/div><!-- close content main div --><\/div><\/div><div id='av-layout-grid-3' class='av-layout-grid-container entry-content-wrapper main_color av-flex-cells    container_wrap fullsize'   >\n<div class=\"flex_cell no_margin av_one_half   avia-full-stretch \" style='height:100px; min-height:100px;background: #22689e; vertical-align:middle; padding:15px 80px 15px 80px ; background-color:#22689e; '><div class='flex_cell_inner' ><div class=\"flex_column av_one_full  flex_column_div av-zero-column-padding first  \" style='border-radius:0px; '><p><div style='padding-bottom:0px; color:#ffffff;font-size:34px;' class='av-special-heading av-special-heading-h3 custom-color-heading blockquote modern-quote  av-inherit-size '><h3 class='av-special-heading-tag '  itemprop=\"headline\"  >Les Cirkopathes in Sca\u00ebr<\/h3><div class ='av-subheading av-subheading_below av_custom_color ' style='font-size:16px;'><p>vom 10. Juli bis 21. Juli 202<\/p>\n<\/div><div class='special-heading-border'><div class='special-heading-inner-border' style='border-color:#ffffff'><\/div><\/div><\/div><br \/>\n<section class=\"av_textblock_section \"  itemscope=\"itemscope\" itemtype=\"https:\/\/schema.org\/CreativeWork\" ><div class='avia_textblock  av_inherit_color '  style='color:#ffffff; '  itemprop=\"text\" ><p style=\"text-align: justify;\">Les Cirkopathes in Sca\u00ebr vom 10. bis 21. Juli 2023 hinter unserem Camping Kerisole*** am Boulodrome: <a href=\"https:\/\/www.lescirkopathes.fr\/\">https:\/\/www.lescirkopathes.fr\/<\/a><br \/>\nSie k\u00f6nnen sich f\u00fcr jede Reservierung registrieren: <a href=\"https:\/\/www.helloasso.com\/associations\/les-cirkopathes\">https:\/\/www.helloasso.com\/associations\/les-cirkopathes<\/a><\/p>\n<\/div><\/section><\/p><\/div>\n<\/div><\/div><div class=\"flex_cell no_margin av_one_half   av-zero-padding \" style='height:100px; min-height:100px;vertical-align:middle; padding:0px; '><div class='flex_cell_inner' ><div  data-size='extra_large'  data-lightbox_size='large'  data-animation='fade'  data-conditional_play=''  data-ids='10322,10318,10301'  data-video_counter='0'  data-autoplay='true'  data-bg_slider='false'  data-slide_height=''  data-handle='av_slideshow'  data-interval='2'  data-class=' '  data-css_id=''  data-scroll_down=''  data-control_layout='av-control-default'  data-custom_markup=''  data-perma_caption=''  data-autoplay_stopper=''  data-image_attachment=''  data-min_height='0px'  data-default-height='100'  class='avia-slideshow avia-slideshow-3  av-control-default av-default-height-applied avia-slideshow-extra_large av_slideshow   avia-fade-slider '  itemprop=\"ImageObject\" itemscope=\"itemscope\" itemtype=\"https:\/\/schema.org\/ImageObject\" ><ul class='avia-slideshow-inner ' style='padding-bottom: 100%;' ><li  class=' slide-1 ' ><div data-rel='slideshow-3' class='avia-slide-wrap '   ><img src='https:\/\/camping-kerisole.fr\/wp-content\/uploads\/2023\/06\/Juillet-Scaer-verso.png' width='1080' height='1080' title='Juillet Sca\u00ebr verso' alt=''  itemprop=\"thumbnailUrl\"   \/><\/div><\/li><li  class=' slide-2 ' ><div data-rel='slideshow-3' class='avia-slide-wrap '   ><img src='https:\/\/camping-kerisole.fr\/wp-content\/uploads\/2023\/06\/Juillet-Scaer-recto.png' width='1080' height='1080' title='Juillet Sca\u00ebr recto' alt=''  itemprop=\"thumbnailUrl\"   \/><\/div><\/li><li  class=' slide-3 ' ><div data-rel='slideshow-3' class='avia-slide-wrap '   ><img src='https:\/\/camping-kerisole.fr\/wp-content\/uploads\/2023\/06\/Les-Cirkopathes-a-Scaer-stage-juillet-recto-794x675-1.jpg' width='794' height='675' title='Les Cirkopathes \u00e0 Sca\u00ebr - stage-juillet-recto-794x675' alt=''  itemprop=\"thumbnailUrl\"   \/><\/div><\/li><\/ul><div class='avia-slideshow-arrows avia-slideshow-controls'><a href='#prev' class='prev-slide' aria-hidden='true' data-av_icon='\ue87c' data-av_iconfont='entypo-fontello'>Zur\u00fcck<\/a><a href='#next' class='next-slide' aria-hidden='true' data-av_icon='\ue87d' data-av_iconfont='entypo-fontello'>Weiter<\/a><\/div><div class='avia-slideshow-dots avia-slideshow-controls'><a href='#1' class='goto-slide active' >1<\/a><a href='#2' class='goto-slide ' >2<\/a><a href='#3' class='goto-slide ' >3<\/a><\/div><\/div>\n<\/div><\/div><\/div><\/div><\/div><\/div><!-- close content main div --><\/div><\/div><div id='av-layout-grid-4' class='av-layout-grid-container entry-content-wrapper main_color av-flex-cells    container_wrap fullsize'   >\n<div class=\"flex_cell no_margin av_one_half   avia-full-stretch av-zero-padding \" style='height:100px; min-height:100px;vertical-align:middle; padding:0px; '><div class='flex_cell_inner' ><div  data-size='extra_large'  data-lightbox_size='large'  data-animation='fade'  data-conditional_play=''  data-ids='2460,2461,2462,2463,2464,2465,2466'  data-video_counter='0'  data-autoplay='true'  data-bg_slider='false'  data-slide_height=''  data-handle='av_slideshow'  data-interval='5'  data-class=' '  data-css_id=''  data-scroll_down=''  data-control_layout='av-control-minimal'  data-custom_markup=''  data-perma_caption=''  data-autoplay_stopper=''  data-image_attachment=''  data-min_height='0px'  data-default-height='100'  class='avia-slideshow avia-slideshow-4  av-control-minimal av-default-height-applied avia-slideshow-extra_large av_slideshow   avia-fade-slider '  itemprop=\"ImageObject\" itemscope=\"itemscope\" itemtype=\"https:\/\/schema.org\/ImageObject\" ><ul class='avia-slideshow-inner ' style='padding-bottom: 66.751269035533%;' ><li  class=' slide-1 ' ><div data-rel='slideshow-4' class='avia-slide-wrap '   ><img src='https:\/\/camping-kerisole.fr\/wp-content\/uploads\/2018\/01\/BFFY7185.jpg' width='788' height='526' title='BFFY7185' alt=''  itemprop=\"thumbnailUrl\"   \/><\/div><\/li><li  class=' slide-2 ' ><div data-rel='slideshow-4' class='avia-slide-wrap '   ><img src='https:\/\/camping-kerisole.fr\/wp-content\/uploads\/2018\/01\/DSC05755-min.jpg' width='1265' height='843' title='DSC05755-min' alt=''  itemprop=\"thumbnailUrl\"   \/><\/div><\/li><li  class=' slide-3 ' ><div data-rel='slideshow-4' class='avia-slide-wrap '   ><img src='https:\/\/camping-kerisole.fr\/wp-content\/uploads\/2018\/01\/DSC05761-min.jpg' width='1265' height='843' title='DSC05761-min' alt=''  itemprop=\"thumbnailUrl\"   \/><\/div><\/li><li  class=' slide-4 ' ><div data-rel='slideshow-4' class='avia-slide-wrap '   ><img src='https:\/\/camping-kerisole.fr\/wp-content\/uploads\/2018\/01\/DSC05768-min.jpg' width='1132' height='755' title='DSC05768-min' alt=''  itemprop=\"thumbnailUrl\"   \/><\/div><\/li><li  class=' slide-5 ' ><div data-rel='slideshow-4' class='avia-slide-wrap '   ><img src='https:\/\/camping-kerisole.fr\/wp-content\/uploads\/2018\/01\/DSC05780-min.jpg' width='1264' height='843' title='DSC05780-min' alt=''  itemprop=\"thumbnailUrl\"   \/><\/div><\/li><li  class=' slide-6 ' ><div data-rel='slideshow-4' class='avia-slide-wrap '   ><img src='https:\/\/camping-kerisole.fr\/wp-content\/uploads\/2018\/01\/DSC05787-min.jpg' width='1264' height='843' title='DSC05787-min' alt=''  itemprop=\"thumbnailUrl\"   \/><\/div><\/li><li  class=' slide-7 ' ><div data-rel='slideshow-4' class='avia-slide-wrap '   ><img src='https:\/\/camping-kerisole.fr\/wp-content\/uploads\/2018\/01\/DSC05796-min.jpg' width='1265' height='843' title='DSC05796-min' alt=''  itemprop=\"thumbnailUrl\"   \/><\/div><\/li><\/ul><div class='avia-slideshow-arrows avia-slideshow-controls'><a href='#prev' class='prev-slide' aria-hidden='true' data-av_icon='\ue87c' data-av_iconfont='entypo-fontello'>Zur\u00fcck<\/a><a href='#next' class='next-slide' aria-hidden='true' data-av_icon='\ue87d' data-av_iconfont='entypo-fontello'>Weiter<\/a><\/div><div class='avia-slideshow-dots avia-slideshow-controls'><a href='#1' class='goto-slide active' >1<\/a><a href='#2' class='goto-slide ' >2<\/a><a href='#3' class='goto-slide ' >3<\/a><a href='#4' class='goto-slide ' >4<\/a><a href='#5' class='goto-slide ' >5<\/a><a href='#6' class='goto-slide ' >6<\/a><a href='#7' class='goto-slide ' >7<\/a><\/div><\/div>\n<\/div><\/div><div class=\"flex_cell no_margin av_one_half   \" style='height:100px; min-height:100px;background: #22689e; vertical-align:middle; padding:15px 80px 15px 80px ; background-color:#22689e; '><div class='flex_cell_inner' ><div class=\"flex_column av_one_full  flex_column_div av-zero-column-padding first  \" style='border-radius:0px; '><p><div style='padding-bottom:0px; color:#ffffff;font-size:34px;' class='av-special-heading av-special-heading-h3 custom-color-heading blockquote modern-quote   av-inherit-size '><h3 class='av-special-heading-tag '  itemprop=\"headline\"  >Cavalcade feiert sein 100-j\u00e4hriges Bestehen!<\/h3><div class='special-heading-border'><div class='special-heading-inner-border' style='border-color:#ffffff'><\/div><\/div><\/div><br \/>\n<section class=\"av_textblock_section \"  itemscope=\"itemscope\" itemtype=\"https:\/\/schema.org\/CreativeWork\" ><div class='avia_textblock  av_inherit_color '  style='color:#ffffff; '  itemprop=\"text\" ><p style=\"text-align: justify;\"><strong>Cavalcade am 28. und 29. Mai 2023 im Herzen des Dorfes Sca\u00ebr!<\/strong><\/p>\n<p style=\"text-align: justify;\">Der erste Karneval in der Bretagne, die Kavalkade von Sca\u00ebr, ist einer der gr\u00f6\u00dften Karnevale in Frankreich. Der Karneval findet alle zwei Jahre am Pfingstwochenende statt. Der Karneval von Sca\u00ebr besteht aus mehr als 20 Wagen und Gruppen und 1500 Nachtschw\u00e4rmern, die an zwei Tagen in den Stra\u00dfen von Sca\u00ebr umherziehen<\/p>\n<p><a href=\"https:\/\/www.facebook.com\/lacavalcadedescaer\" target=\"_blank\" rel=\"noopener\">Sie k\u00f6nnen die Organisation der Cavalcade jederzeit verfolgen, indem Sie <strong>hier<\/strong> klicken<\/a><\/p>\n<\/div><\/section><\/p><\/div>\n<\/div><\/div><\/div><\/div><\/div><\/div><!-- close content main div --><\/div><\/div><div id='av_section_2' class='avia-section main_color avia-section-large avia-shadow avia-bg-style-scroll   av-minimum-height av-minimum-height-custom container_wrap fullsize' style = 'background-image: '  ><div class='container' style='height:300px'><div class='template-page content  av-content-full alpha units'><div class='post-entry post-entry-type-page post-entry-6773'><div class='entry-content-wrapper clearfix'>\n<div class=\"flex_column av_one_full  flex_column_div av-zero-column-padding first  \" style='border-radius:0px; '><p><div style='padding-bottom:25px; font-size:34px;' class='av-special-heading av-special-heading-h3  blockquote modern-quote modern-centered   av-inherit-size '><h3 class='av-special-heading-tag '  itemprop=\"headline\"  >Mehr Informationen<\/h3><div class='special-heading-border'><div class='special-heading-inner-border' ><\/div><\/div><\/div><br \/>\n<section class=\"av_textblock_section \"  itemscope=\"itemscope\" itemtype=\"https:\/\/schema.org\/CreativeWork\" ><div class='avia_textblock  '   itemprop=\"text\" ><p style=\"text-align: center;\">Kontaktieren Sie uns, wenn Sie weitere Informationen w\u00fcnschen, eine Reservierung vornehmen m\u00f6chten oder spezielle W\u00fcnsche haben.<\/p>\n<\/div><\/section><br \/>\n<div style='height:20px' class='hr hr-invisible  '><span class='hr-inner ' ><span class='hr-inner-style'><\/span><\/span><\/div><br \/>\n<div class='avia-button-wrap avia-button-center '><a href='https:\/\/camping-kerisole.fr\/de\/contact\/'  class='avia-button av-icon-on-hover  avia-icon_select-yes-right-icon avia-color-theme-color avia-size-large avia-position-center '   ><span class='avia_iconbox_title' >Mehr Informationen<\/span><span class='avia_button_icon avia_button_icon_right' aria-hidden='true' data-av_icon='\ue889' data-av_iconfont='entypo-fontello'><\/span><\/a><\/div><\/p><\/div>\n<\/p>\n<div  class='hr hr-default  '><span class='hr-inner ' ><span class='hr-inner-style'><\/span><\/span><\/div>\n","protected":false},"excerpt":{"rendered":"","protected":false},"author":6,"featured_media":0,"parent":0,"menu_order":0,"comment_status":"closed","ping_status":"closed","template":"","meta":{"_exactmetrics_skip_tracking":false,"_exactmetrics_sitenote_active":false,"_exactmetrics_sitenote_note":"","_exactmetrics_sitenote_category":0,"footnotes":""},"class_list":["post-6773","page","type-page","status-publish","hentry"],"yoast_head":"<!-- This site is optimized with the Yoast SEO plugin v27.4 - https:\/\/yoast.com\/product\/yoast-seo-wordpress\/ -->\n<title>Veranstaltungen - Camping Kerisole<\/title>\n<meta name=\"description\" content=\"Pour des vacances uniques en Bretagne : Le camping Kerisole*** est un camping convivial et chaleureux. Nous attachons beaucoup d\u2019importance au bien-\u00eatre, ainsi qu\u2019aux besoins de nos clients. Rappelez-vous \u00e9tant jeune, ces vacances, \u00e0 jamais grav\u00e9 dans votre m\u00e9moire, au c\u0153ur d\u2019un camping dans lequel la convivialit\u00e9 primait, voici ce que nous voulons vous offrir. Un cadre id\u00e9al pour que chacun puisse pratiquer diverses activit\u00e9s, qui permettront assur\u00e9ment, et ce qu\u2019importe votre \u00e2ge, de passer du bon temps. Le camping est ouvert d\u2019avril \u00e0 octobre.\" \/>\n<meta name=\"robots\" content=\"index, follow, max-snippet:-1, max-image-preview:large, max-video-preview:-1\" \/>\n<link rel=\"canonical\" href=\"https:\/\/camping-kerisole.fr\/de\/veranstaltungen\/\" \/>\n<meta property=\"og:locale\" content=\"de_DE\" \/>\n<meta property=\"og:type\" content=\"article\" \/>\n<meta property=\"og:title\" content=\"Veranstaltungen - Camping Kerisole\" \/>\n<meta property=\"og:description\" content=\"Pour des vacances uniques en Bretagne : Le camping Kerisole*** est un camping convivial et chaleureux. Nous attachons beaucoup d\u2019importance au bien-\u00eatre, ainsi qu\u2019aux besoins de nos clients. Rappelez-vous \u00e9tant jeune, ces vacances, \u00e0 jamais grav\u00e9 dans votre m\u00e9moire, au c\u0153ur d\u2019un camping dans lequel la convivialit\u00e9 primait, voici ce que nous voulons vous offrir. Un cadre id\u00e9al pour que chacun puisse pratiquer diverses activit\u00e9s, qui permettront assur\u00e9ment, et ce qu\u2019importe votre \u00e2ge, de passer du bon temps. Le camping est ouvert d\u2019avril \u00e0 octobre.\" \/>\n<meta property=\"og:url\" content=\"https:\/\/camping-kerisole.fr\/de\/veranstaltungen\/\" \/>\n<meta property=\"og:site_name\" content=\"Camping Kerisole\" \/>\n<meta property=\"article:publisher\" content=\"http:\/\/www.facebook.com\/campingkerisole\" \/>\n<meta property=\"article:modified_time\" content=\"2023-06-30T17:05:41+00:00\" \/>\n<meta name=\"twitter:card\" content=\"summary_large_image\" \/>\n<meta name=\"twitter:label1\" content=\"Gesch\u00e4tzte Lesezeit\" \/>\n\t<meta name=\"twitter:data1\" content=\"21\u00a0Minuten\" \/>\n<script type=\"application\/ld+json\" class=\"yoast-schema-graph\">{\"@context\":\"https:\\\/\\\/schema.org\",\"@graph\":[{\"@type\":\"WebPage\",\"@id\":\"https:\\\/\\\/camping-kerisole.fr\\\/de\\\/veranstaltungen\\\/\",\"url\":\"https:\\\/\\\/camping-kerisole.fr\\\/de\\\/veranstaltungen\\\/\",\"name\":\"Veranstaltungen - Camping Kerisole\",\"isPartOf\":{\"@id\":\"https:\\\/\\\/camping-kerisole.fr\\\/de\\\/#website\"},\"datePublished\":\"2021-11-09T17:55:22+00:00\",\"dateModified\":\"2023-06-30T17:05:41+00:00\",\"description\":\"Pour des vacances uniques en Bretagne : Le camping Kerisole*** est un camping convivial et chaleureux. Nous attachons beaucoup d\u2019importance au bien-\u00eatre, ainsi qu\u2019aux besoins de nos clients. Rappelez-vous \u00e9tant jeune, ces vacances, \u00e0 jamais grav\u00e9 dans votre m\u00e9moire, au c\u0153ur d\u2019un camping dans lequel la convivialit\u00e9 primait, voici ce que nous voulons vous offrir. Un cadre id\u00e9al pour que chacun puisse pratiquer diverses activit\u00e9s, qui permettront assur\u00e9ment, et ce qu\u2019importe votre \u00e2ge, de passer du bon temps. Le camping est ouvert d\u2019avril \u00e0 octobre.\",\"breadcrumb\":{\"@id\":\"https:\\\/\\\/camping-kerisole.fr\\\/de\\\/veranstaltungen\\\/#breadcrumb\"},\"inLanguage\":\"de\",\"potentialAction\":[{\"@type\":\"ReadAction\",\"target\":[\"https:\\\/\\\/camping-kerisole.fr\\\/de\\\/veranstaltungen\\\/\"]}]},{\"@type\":\"BreadcrumbList\",\"@id\":\"https:\\\/\\\/camping-kerisole.fr\\\/de\\\/veranstaltungen\\\/#breadcrumb\",\"itemListElement\":[{\"@type\":\"ListItem\",\"position\":1,\"name\":\"Accueil\",\"item\":\"https:\\\/\\\/camping-kerisole.fr\\\/de\\\/startseite\\\/\"},{\"@type\":\"ListItem\",\"position\":2,\"name\":\"Veranstaltungen\"}]},{\"@type\":\"WebSite\",\"@id\":\"https:\\\/\\\/camping-kerisole.fr\\\/de\\\/#website\",\"url\":\"https:\\\/\\\/camping-kerisole.fr\\\/de\\\/\",\"name\":\"Camping Kerisole\",\"description\":\"Un camping unique en Bretagne !\",\"publisher\":{\"@id\":\"https:\\\/\\\/camping-kerisole.fr\\\/de\\\/#organization\"},\"potentialAction\":[{\"@type\":\"SearchAction\",\"target\":{\"@type\":\"EntryPoint\",\"urlTemplate\":\"https:\\\/\\\/camping-kerisole.fr\\\/de\\\/?s={search_term_string}\"},\"query-input\":{\"@type\":\"PropertyValueSpecification\",\"valueRequired\":true,\"valueName\":\"search_term_string\"}}],\"inLanguage\":\"de\"},{\"@type\":\"Organization\",\"@id\":\"https:\\\/\\\/camping-kerisole.fr\\\/de\\\/#organization\",\"name\":\"Camping Kerisole***\",\"url\":\"https:\\\/\\\/camping-kerisole.fr\\\/de\\\/\",\"logo\":{\"@type\":\"ImageObject\",\"inLanguage\":\"de\",\"@id\":\"https:\\\/\\\/camping-kerisole.fr\\\/de\\\/#\\\/schema\\\/logo\\\/image\\\/\",\"url\":\"https:\\\/\\\/camping-kerisole.fr\\\/wp-content\\\/uploads\\\/2022\\\/05\\\/logo-Camping-Kerisole-rectangulaire.png\",\"contentUrl\":\"https:\\\/\\\/camping-kerisole.fr\\\/wp-content\\\/uploads\\\/2022\\\/05\\\/logo-Camping-Kerisole-rectangulaire.png\",\"width\":1148,\"height\":766,\"caption\":\"Camping Kerisole***\"},\"image\":{\"@id\":\"https:\\\/\\\/camping-kerisole.fr\\\/de\\\/#\\\/schema\\\/logo\\\/image\\\/\"},\"sameAs\":[\"http:\\\/\\\/www.facebook.com\\\/campingkerisole\"]}]}<\/script>\n<!-- \/ Yoast SEO plugin. -->","yoast_head_json":{"title":"Veranstaltungen - Camping Kerisole","description":"Pour des vacances uniques en Bretagne : Le camping Kerisole*** est un camping convivial et chaleureux. Nous attachons beaucoup d\u2019importance au bien-\u00eatre, ainsi qu\u2019aux besoins de nos clients. Rappelez-vous \u00e9tant jeune, ces vacances, \u00e0 jamais grav\u00e9 dans votre m\u00e9moire, au c\u0153ur d\u2019un camping dans lequel la convivialit\u00e9 primait, voici ce que nous voulons vous offrir. Un cadre id\u00e9al pour que chacun puisse pratiquer diverses activit\u00e9s, qui permettront assur\u00e9ment, et ce qu\u2019importe votre \u00e2ge, de passer du bon temps. Le camping est ouvert d\u2019avril \u00e0 octobre.","robots":{"index":"index","follow":"follow","max-snippet":"max-snippet:-1","max-image-preview":"max-image-preview:large","max-video-preview":"max-video-preview:-1"},"canonical":"https:\/\/camping-kerisole.fr\/de\/veranstaltungen\/","og_locale":"de_DE","og_type":"article","og_title":"Veranstaltungen - Camping Kerisole","og_description":"Pour des vacances uniques en Bretagne : Le camping Kerisole*** est un camping convivial et chaleureux. Nous attachons beaucoup d\u2019importance au bien-\u00eatre, ainsi qu\u2019aux besoins de nos clients. Rappelez-vous \u00e9tant jeune, ces vacances, \u00e0 jamais grav\u00e9 dans votre m\u00e9moire, au c\u0153ur d\u2019un camping dans lequel la convivialit\u00e9 primait, voici ce que nous voulons vous offrir. Un cadre id\u00e9al pour que chacun puisse pratiquer diverses activit\u00e9s, qui permettront assur\u00e9ment, et ce qu\u2019importe votre \u00e2ge, de passer du bon temps. Le camping est ouvert d\u2019avril \u00e0 octobre.","og_url":"https:\/\/camping-kerisole.fr\/de\/veranstaltungen\/","og_site_name":"Camping Kerisole","article_publisher":"http:\/\/www.facebook.com\/campingkerisole","article_modified_time":"2023-06-30T17:05:41+00:00","twitter_card":"summary_large_image","twitter_misc":{"Gesch\u00e4tzte Lesezeit":"21\u00a0Minuten"},"schema":{"@context":"https:\/\/schema.org","@graph":[{"@type":"WebPage","@id":"https:\/\/camping-kerisole.fr\/de\/veranstaltungen\/","url":"https:\/\/camping-kerisole.fr\/de\/veranstaltungen\/","name":"Veranstaltungen - Camping Kerisole","isPartOf":{"@id":"https:\/\/camping-kerisole.fr\/de\/#website"},"datePublished":"2021-11-09T17:55:22+00:00","dateModified":"2023-06-30T17:05:41+00:00","description":"Pour des vacances uniques en Bretagne : Le camping Kerisole*** est un camping convivial et chaleureux. Nous attachons beaucoup d\u2019importance au bien-\u00eatre, ainsi qu\u2019aux besoins de nos clients. Rappelez-vous \u00e9tant jeune, ces vacances, \u00e0 jamais grav\u00e9 dans votre m\u00e9moire, au c\u0153ur d\u2019un camping dans lequel la convivialit\u00e9 primait, voici ce que nous voulons vous offrir. Un cadre id\u00e9al pour que chacun puisse pratiquer diverses activit\u00e9s, qui permettront assur\u00e9ment, et ce qu\u2019importe votre \u00e2ge, de passer du bon temps. Le camping est ouvert d\u2019avril \u00e0 octobre.","breadcrumb":{"@id":"https:\/\/camping-kerisole.fr\/de\/veranstaltungen\/#breadcrumb"},"inLanguage":"de","potentialAction":[{"@type":"ReadAction","target":["https:\/\/camping-kerisole.fr\/de\/veranstaltungen\/"]}]},{"@type":"BreadcrumbList","@id":"https:\/\/camping-kerisole.fr\/de\/veranstaltungen\/#breadcrumb","itemListElement":[{"@type":"ListItem","position":1,"name":"Accueil","item":"https:\/\/camping-kerisole.fr\/de\/startseite\/"},{"@type":"ListItem","position":2,"name":"Veranstaltungen"}]},{"@type":"WebSite","@id":"https:\/\/camping-kerisole.fr\/de\/#website","url":"https:\/\/camping-kerisole.fr\/de\/","name":"Camping Kerisole","description":"Un camping unique en Bretagne !","publisher":{"@id":"https:\/\/camping-kerisole.fr\/de\/#organization"},"potentialAction":[{"@type":"SearchAction","target":{"@type":"EntryPoint","urlTemplate":"https:\/\/camping-kerisole.fr\/de\/?s={search_term_string}"},"query-input":{"@type":"PropertyValueSpecification","valueRequired":true,"valueName":"search_term_string"}}],"inLanguage":"de"},{"@type":"Organization","@id":"https:\/\/camping-kerisole.fr\/de\/#organization","name":"Camping Kerisole***","url":"https:\/\/camping-kerisole.fr\/de\/","logo":{"@type":"ImageObject","inLanguage":"de","@id":"https:\/\/camping-kerisole.fr\/de\/#\/schema\/logo\/image\/","url":"https:\/\/camping-kerisole.fr\/wp-content\/uploads\/2022\/05\/logo-Camping-Kerisole-rectangulaire.png","contentUrl":"https:\/\/camping-kerisole.fr\/wp-content\/uploads\/2022\/05\/logo-Camping-Kerisole-rectangulaire.png","width":1148,"height":766,"caption":"Camping Kerisole***"},"image":{"@id":"https:\/\/camping-kerisole.fr\/de\/#\/schema\/logo\/image\/"},"sameAs":["http:\/\/www.facebook.com\/campingkerisole"]}]}},"_links":{"self":[{"href":"https:\/\/camping-kerisole.fr\/de\/wp-json\/wp\/v2\/pages\/6773","targetHints":{"allow":["GET"]}}],"collection":[{"href":"https:\/\/camping-kerisole.fr\/de\/wp-json\/wp\/v2\/pages"}],"about":[{"href":"https:\/\/camping-kerisole.fr\/de\/wp-json\/wp\/v2\/types\/page"}],"author":[{"embeddable":true,"href":"https:\/\/camping-kerisole.fr\/de\/wp-json\/wp\/v2\/users\/6"}],"replies":[{"embeddable":true,"href":"https:\/\/camping-kerisole.fr\/de\/wp-json\/wp\/v2\/comments?post=6773"}],"version-history":[{"count":3,"href":"https:\/\/camping-kerisole.fr\/de\/wp-json\/wp\/v2\/pages\/6773\/revisions"}],"predecessor-version":[{"id":10441,"href":"https:\/\/camping-kerisole.fr\/de\/wp-json\/wp\/v2\/pages\/6773\/revisions\/10441"}],"wp:attachment":[{"href":"https:\/\/camping-kerisole.fr\/de\/wp-json\/wp\/v2\/media?parent=6773"}],"curies":[{"name":"wp","href":"https:\/\/api.w.org\/{rel}","templated":true}]}}